{"id":2,"date":"2016-05-10T03:48:21","date_gmt":"2016-05-10T03:48:21","guid":{"rendered":"http:\/\/lorquito.org\/?page_id=2"},"modified":"2025-11-06T17:48:26","modified_gmt":"2025-11-06T17:48:26","slug":"sample-page","status":"publish","type":"page","link":"https:\/\/lorquito.org\/","title":{"rendered":"ESPECTACLE TEATRAL"},"content":{"rendered":"\n<p>LORCA \u00e9s un espectacle teatral creat a sotavent que transita per aquells primers anys literaris de la vida de Federico Garc\u00eda Lorca. Un fil conductor, l\u2019amistat amb els germans Salvador i Anna Maria Dal\u00ed, i la lluna com a leitmotiv. La veu a partir de la paraula, el mar, la pluja, la lluna, les campanes, els gats, el vent, la bellesa, el desig, la vida, la lluna una altra vegada, l\u2019amor, la tristesa, els estels, l\u2019aigua, els ocells, la Resi, Cadaqu\u00e9s, Dal\u00ed&#8230;<br>Un viatge atmosf\u00e8ric i intimista amb acords de guitarra i olor de tarongina.<\/p>\n\n\n\n<p>Descarregat el dossier:<\/p>\n\n\n<div class='content-column one_half'><div style=\"padding-right:0px;padding-left:0px;\"><div class=\"wp-block-button\"><a class=\"wp-block-button__link\" href=\"https:\/\/lorquito.org\/wp-content\/uploads\/2025\/11\/Dossier Catala LORCA 2025.pdf\" target=\"_blank\" rel=\"noopener noreferrer\">Dossier en catal\u00e0<\/a><\/div><\/div><\/div>\n\n\n\n<div class=\"wp-block-button\"><a class=\"wp-block-button__link has-very-light-gray-color has-very-dark-gray-background-color has-text-color has-background\" href=\"https:\/\/lorquito.org\/wp-content\/uploads\/2025\/11\/Dossier Castella LORCA 2025.pdf\" target=\"_blank\" rel=\"noreferrer noopener\">Dossier en castell\u00e0<\/a><\/div>\n\n\n\n<p><\/p>\n\n\n\n<p><\/p>\n\n\n\n<p><\/p>\n\n\n\n<p><\/p>\n\n\n\n<p><\/p>\n\n\n\n<p><\/p>\n\n\n\n<p><\/p>\n\n\n\n<figure class=\"wp-block-image\"><img alt=\"\"\/><\/figure>\n\n\n\n<h5 class=\"has-medium-font-size\"><strong>\u00c9s una producci\u00f3 de&nbsp;Lorquito Teatre,&nbsp; amb el suport de:<\/strong><\/h5>\n\n\n\n<div class=\"wp-block-columns\">\n<div class=\"wp-block-column\">\n<figure class=\"wp-block-image size-full\"><img loading=\"lazy\" width=\"483\" height=\"52\" src=\"https:\/\/lorquito.org\/wp-content\/uploads\/2019\/03\/CAVA-AGUSTI-TORELLO-MATA1.gif\" alt=\"\" class=\"wp-image-683\"\/><\/figure>\n<\/div>\n\n\n\n<div class=\"wp-block-column\">\n<div class=\"wp-block-image\"><figure class=\"aligncenter size-full\"><img loading=\"lazy\" width=\"224\" height=\"149\" src=\"https:\/\/lorquito.org\/wp-content\/uploads\/2019\/12\/logo-martin-faixoat1x.png\" alt=\"\" class=\"wp-image-731\"\/><\/figure><\/div>\n<\/div>\n<\/div>\n","protected":false},"excerpt":{"rendered":"<p>LORCA \u00e9s un espectacle teatral creat a sotavent que transita per aquells primers anys literaris de la vida de Federico Garc\u00eda Lorca. Un fil conductor, l\u2019amistat amb els germans Salvador i Anna Maria Dal\u00ed, i la lluna com a leitmotiv. La veu a partir de&nbsp;<a class=\"read-more\" href=\"https:\/\/lorquito.org\/\">&hellip;<\/a><\/p>\n","protected":false},"author":1,"featured_media":0,"parent":0,"menu_order":0,"comment_status":"closed","ping_status":"closed","template":"","meta":{"pgc_sgb_lightbox_settings":""},"_links":{"self":[{"href":"https:\/\/lorquito.org\/index.php?rest_route=\/wp\/v2\/pages\/2"}],"collection":[{"href":"https:\/\/lorquito.org\/index.php?rest_route=\/wp\/v2\/pages"}],"about":[{"href":"https:\/\/lorquito.org\/index.php?rest_route=\/wp\/v2\/types\/page"}],"author":[{"embeddable":true,"href":"https:\/\/lorquito.org\/index.php?rest_route=\/wp\/v2\/users\/1"}],"replies":[{"embeddable":true,"href":"https:\/\/lorquito.org\/index.php?rest_route=%2Fwp%2Fv2%2Fcomments&post=2"}],"version-history":[{"count":93,"href":"https:\/\/lorquito.org\/index.php?rest_route=\/wp\/v2\/pages\/2\/revisions"}],"predecessor-version":[{"id":1589,"href":"https:\/\/lorquito.org\/index.php?rest_route=\/wp\/v2\/pages\/2\/revisions\/1589"}],"wp:attachment":[{"href":"https:\/\/lorquito.org\/index.php?rest_route=%2Fwp%2Fv2%2Fmedia&parent=2"}],"curies":[{"name":"wp","href":"https:\/\/api.w.org\/{rel}","templated":true}]}}